{"version":"1.0","provider_name":"Mehmet Y. Uluta\u015f","provider_url":"https:\/\/mehmetulutas.com","author_name":"mehmetulutas","author_url":"https:\/\/mehmetulutas.com\/index.php\/author\/mehmetulutas\/","title":"A\u015eIRI POL\u0130T\u0130ZE VE KOMPLO TEOR\u0130S\u0130 TUTKUNU - Mehmet Y. Uluta\u015f","type":"rich","width":600,"height":338,"html":"<blockquote class=\"wp-embedded-content\" data-secret=\"iL4iE5dH3J\"><a href=\"https:\/\/mehmetulutas.com\/index.php\/2019\/01\/18\/asiri-politize-ve-komplo-teorisi-tutkunu\/\">A\u015eIRI POL\u0130T\u0130ZE VE KOMPLO TEOR\u0130S\u0130 TUTKUNU<\/a><\/blockquote><iframe sandbox=\"allow-scripts\" security=\"restricted\" src=\"https:\/\/mehmetulutas.com\/index.php\/2019\/01\/18\/asiri-politize-ve-komplo-teorisi-tutkunu\/embed\/#?secret=iL4iE5dH3J\" width=\"600\" height=\"338\" title=\"&#8220;A\u015eIRI POL\u0130T\u0130ZE VE KOMPLO TEOR\u0130S\u0130 TUTKUNU&#8221; &#8212; Mehmet Y. Uluta\u015f\" data-secret=\"iL4iE5dH3J\" frameborder=\"0\" marginwidth=\"0\" marginheight=\"0\" scrolling=\"no\" class=\"wp-embedded-content\"><\/iframe><script>\n\/*! This file is auto-generated *\/\n!function(d,l){\"use strict\";l.querySelector&&d.addEventListener&&\"undefined\"!=typeof URL&&(d.wp=d.wp||{},d.wp.receiveEmbedMessage||(d.wp.receiveEmbedMessage=function(e){var t=e.data;if((t||t.secret||t.message||t.value)&&!\/[^a-zA-Z0-9]\/.test(t.secret)){for(var s,r,n,a=l.querySelectorAll('iframe[data-secret=\"'+t.secret+'\"]'),o=l.querySelectorAll('blockquote[data-secret=\"'+t.secret+'\"]'),c=new RegExp(\"^https?:$\",\"i\"),i=0;i<o.length;i++)o[i].style.display=\"none\";for(i=0;i<a.length;i++)s=a[i],e.source===s.contentWindow&&(s.removeAttribute(\"style\"),\"height\"===t.message?(1e3<(r=parseInt(t.value,10))?r=1e3:~~r<200&&(r=200),s.height=r):\"link\"===t.message&&(r=new URL(s.getAttribute(\"src\")),n=new URL(t.value),c.test(n.protocol))&&n.host===r.host&&l.activeElement===s&&(d.top.location.href=t.value))}},d.addEventListener(\"message\",d.wp.receiveEmbedMessage,!1),l.addEventListener(\"DOMContentLoaded\",function(){for(var e,t,s=l.querySelectorAll(\"iframe.wp-embedded-content\"),r=0;r<s.length;r++)(t=(e=s[r]).getAttribute(\"data-secret\"))||(t=Math.random().toString(36).substring(2,12),e.src+=\"#?secret=\"+t,e.setAttribute(\"data-secret\",t)),e.contentWindow.postMessage({message:\"ready\",secret:t},\"*\")},!1)))}(window,document);\n<\/script>\n","thumbnail_url":"https:\/\/mehmetulutas.com\/wp-content\/uploads\/2019\/01\/komplo-teorisi.jpg","thumbnail_width":1280,"thumbnail_height":720,"description":"Duygular\u0131n\u0131 dolu dolu ya\u015fayan bir toplumuz. \u00dcz\u00fcnt\u00fcm\u00fcz de a\u015f\u0131r\u0131, sevincimiz de. Sevdik mi tam seviyoruz, k\u0131zd\u0131k m\u0131 nefret ediyoruz. Ele\u015ftiri dozumuz a\u015f\u0131r\u0131 ve politik. Tak\u0131m tutar gibi parti destekliyoruz. Ortam\u0131z yok! \u0130nternette g\u00f6rd\u00fcklerimize hemen inanma ve ona g\u00f6re h\u00fck\u00fcm verme sorunumuz var. \u00d6rne\u011fin sokakta \u00e7ocu\u011funun kakas\u0131n\u0131 yapt\u0131ran tesett\u00fcrl\u00fc ama g\u00f6rg\u00fcs\u00fcz kad\u0131n\u0131n kabahatini h\u00fck\u00fcmete \u00e7\u0131karmaya haz\u0131r\u0131z. [&hellip;]"}